{"id":3220,"date":"2019-06-12T12:28:59","date_gmt":"2019-06-12T12:28:59","guid":{"rendered":"https:\/\/www.mettler1929.ch\/product\/crema-anti-eta-da-notte\/"},"modified":"2023-04-11T14:08:22","modified_gmt":"2023-04-11T14:08:22","slug":"crema-anti-eta-da-notte","status":"publish","type":"product","link":"https:\/\/www.mettler1929.ch\/it\/prodotto\/crema-anti-eta-da-notte\/","title":{"rendered":"Crema Anti-Et\u00e0 da Notte"},"content":{"rendered":"","protected":false},"excerpt":{"rendered":"<p> Supporta la rigenerazione della pelle e la produzione di collagene durante la notte.Migliora la compattezza della pelle e il trattamento favorisce la produzione di collagene e la rigenerazione cellulare durante la notte e dona una carnagione radiosa. La textura ricca nutre in profondit\u00e0, migliora la compattezza della pelle e leviga la comparsa delle rughe.<\/p>\n<p>Le texture biomimetica (cristalli liquidi) favorisce l&#8217;efficace assorbimento e la performance dei principi attivi: per EFFETTI UNICI, IMMEDIATI e DURATURI. <\/p>\n<p>0% parabene \u2013 0% parafini\u2013 0% alcol denaturato<br \/>\npH neutro<\/p>\n<p><strong>EFFICACIA PROVATA<\/strong>*<br \/>\n4% in pi\u00f9 di tonicit\u00e0 della pelle dopo 28 giorni di utilizzo<br \/>\n8% in meno di profondit\u00e0 delle rughe dopo 28 giorni di utilizzo<\/p>\n<p><strong>Il 95%<\/strong> ha visto un miglioramento generale della qualit\u00e0 della pelle.<br \/>\n<strong>Il 95%<\/strong> trova la pelle morbida, elastica e confortevole dopo l&#8217;uso.<br \/>\n<strong>Il 95%<\/strong> riferisce che la loro pelle \u00e8 protetta dalla disidratazione.<\/p>\n<p><em>* *Test clinico in 28 giorni su 20 donne tra i 40 e i 70 anni con rughe visibili<br \/>\n<\/em><\/p>\n<hr \/>\n<p><strong> TIPI DI PELLE<\/strong><br \/>\nPelle da matura a molto matura<\/p>\n<hr \/>\n<p><strong>USO RACCOMANDATO<\/strong><br \/>\nApplicare la sera su viso, collo e d\u00e9collet\u00e9. Per un risultato ideale, applicare preventivamente il STC Serio Anti-Et\u00e0 .<\/p>\n<hr \/>\n<p><strong>INGREDIENTI<\/strong><br \/>\n<\/strong> Estratto di ibiscus, acido ialuronico, peptidi, vitamina e, vitamina c, estratto di avena, squalene naturale di ulivo<\/p>\n","protected":false},"featured_media":3221,"comment_status":"open","ping_status":"closed","template":"","meta":[],"use":[115],"ingredients":[287,315,331,313,349,343,309],"product_cat":[101],"product_tag":[],"acf":{"complex_text":"<hr \/><strong>Estratto di Ibisco:<\/strong> protegge dai radicali liberi e revitalizza la pelle. <hr \/><strong>Acido Ialuronico:<\/strong> protegge contro la disidratazione, idrata e restituisce l\u2019acqua di cui ha bisogno. Agendo come una spugna, pu\u00f2 mantenere il proprio peso in acqua fino a 1000 volte.<hr \/><strong>Peptidi:<\/strong> stimolano la produzione di collagene e rassodano la pelle, con un effetto pi\u00f9 tonico.<hr \/><strong>Vitamina E:<\/strong> protegge dai radicali liberi.<hr \/><strong>Vitamina C:<\/strong> ha propriet\u00e0 idratanti e antiossidanti.<hr \/><strong>Estratto di Avena:<\/strong> genera idratazione.<hr \/><strong>Squalene naturale dell'olivo:<\/strong> protegge la pelle dalla perdita di idratazione.","complex_cover":1982,"complex_background_color":"antiage-color"},"_links":{"self":[{"href":"https:\/\/www.mettler1929.ch\/it\/wp-json\/wp\/v2\/product\/3220"}],"collection":[{"href":"https:\/\/www.mettler1929.ch\/it\/wp-json\/wp\/v2\/product"}],"about":[{"href":"https:\/\/www.mettler1929.ch\/it\/wp-json\/wp\/v2\/types\/product"}],"replies":[{"embeddable":true,"href":"https:\/\/www.mettler1929.ch\/it\/wp-json\/wp\/v2\/comments?post=3220"}],"wp:featuredmedia":[{"embeddable":true,"href":"https:\/\/www.mettler1929.ch\/it\/wp-json\/wp\/v2\/media\/3221"}],"wp:attachment":[{"href":"https:\/\/www.mettler1929.ch\/it\/wp-json\/wp\/v2\/media?parent=3220"}],"wp:term":[{"taxonomy":"use","embeddable":true,"href":"https:\/\/www.mettler1929.ch\/it\/wp-json\/wp\/v2\/use?post=3220"},{"taxonomy":"ingredients","embeddable":true,"href":"https:\/\/www.mettler1929.ch\/it\/wp-json\/wp\/v2\/ingredients?post=3220"},{"taxonomy":"product_cat","embeddable":true,"href":"https:\/\/www.mettler1929.ch\/it\/wp-json\/wp\/v2\/product_cat?post=3220"},{"taxonomy":"product_tag","embeddable":true,"href":"https:\/\/www.mettler1929.ch\/it\/wp-json\/wp\/v2\/product_tag?post=3220"}],"curies":[{"name":"wp","href":"https:\/\/api.w.org\/{rel}","templated":true}]}}