{"id":13938,"date":"2020-12-11T09:17:35","date_gmt":"2020-12-11T09:17:35","guid":{"rendered":"https:\/\/www.mettler1929.ch\/?page_id=13938"},"modified":"2022-09-30T15:48:21","modified_gmt":"2022-09-30T15:48:21","slug":"our-story","status":"publish","type":"page","link":"https:\/\/www.mettler1929.ch\/fr\/our-story\/","title":{"rendered":"Our Story_V2"},"content":{"rendered":"<div  class=\"grids-section grids-is-advanced\" style=\"--_gs-gap-desktop:0px 0px;--_gs-m-desktop:0 0 0 0;--_gs-p-desktop:0 0 0 0;--_gs-bg-desktop:transparent none;--_gs-bg-xp-desktop:0px;--_gs-zi-desktop:auto;--_gs-d-desktop:block;--_gs-mw-desktop:calc(100% - 0 - 0);--_gs-gap-tablet:0px 0px;--_gs-m-tablet:0 0 0 0;--_gs-p-tablet:0 0 0 0;--_gs-bg-tablet:transparent none;--_gs-bg-xp-tablet:0px;--_gs-zi-tablet:auto;--_gs-d-tablet:block;--_gs-mw-tablet:calc(100% - 0 - 0);--_gs-gap-mobile:0px 0px;--_gs-m-mobile:0 0 0 0;--_gs-p-mobile:0 0 0 0;--_gs-bg-mobile:transparent none;--_gs-bg-xp-mobile:0px;--_gs-zi-mobile:auto;--_gs-d-mobile:block;--_gs-mw-mobile:calc(100% - 0 - 0);--_gs-columns:12;--_gs-rows:6\"><div class=\"grids-s-w_i\">\n<div class=\"grids-area\" style=\"--_ga-column:2\/6;--_ga-row:1\/4;--_ga-m-desktop:0 0 0 0;--_ga-p-desktop:0 0 0 0;--_ga-bg-desktop:transparent none;--_ga-zi-desktop:auto;--_ga-d-desktop:flex;--_ga-mw-desktop:calc(100% - 0 - 0);--_ga-m-tablet:0 0 0 0;--_ga-p-tablet:0 0 0 0;--_ga-bg-tablet:transparent none;--_ga-zi-tablet:auto;--_ga-d-tablet:flex;--_ga-mw-tablet:calc(100% - 0 - 0);--_ga-m-mobile:0 0 0 0;--_ga-p-mobile:0 0 0 0;--_ga-bg-mobile:transparent none;--_ga-zi-mobile:auto;--_ga-d-mobile:flex;--_ga-mw-mobile:calc(100% - 0 - 0)\">\n\n<figure class=\"wp-block-image size-medium\"><img loading=\"lazy\" width=\"430\" height=\"600\" src=\"https:\/\/www.mettler1929.ch\/wp-content\/uploads\/2021\/06\/mettler1929-poisson-430x600.jpg\" alt=\"\" class=\"wp-image-15125\" srcset=\"https:\/\/www.mettler1929.ch\/wp-content\/uploads\/2021\/06\/mettler1929-poisson-430x600.jpg 430w, https:\/\/www.mettler1929.ch\/wp-content\/uploads\/2021\/06\/mettler1929-poisson-344x480.jpg 344w, https:\/\/www.mettler1929.ch\/wp-content\/uploads\/2021\/06\/mettler1929-poisson-600x837.jpg 600w, https:\/\/www.mettler1929.ch\/wp-content\/uploads\/2021\/06\/mettler1929-poisson-43x60.jpg 43w, https:\/\/www.mettler1929.ch\/wp-content\/uploads\/2021\/06\/mettler1929-poisson-65x90.jpg 65w, https:\/\/www.mettler1929.ch\/wp-content\/uploads\/2021\/06\/mettler1929-poisson.jpg 734w\" sizes=\"(max-width: 430px) 100vw, 430px\" \/><\/figure>\n\n<\/div>\n\n<div class=\"grids-area\" style=\"--_ga-column:4\/8;--_ga-row:3\/6;--_ga-m-desktop:0 0 0 0;--_ga-p-desktop:0 0 0 0;--_ga-bg-desktop:transparent none;--_ga-zi-desktop:auto;--_ga-d-desktop:flex;--_ga-mw-desktop:calc(100% - 0 - 0);--_ga-m-tablet:0 0 0 0;--_ga-p-tablet:0 0 0 0;--_ga-bg-tablet:transparent none;--_ga-zi-tablet:auto;--_ga-d-tablet:flex;--_ga-mw-tablet:calc(100% - 0 - 0);--_ga-m-mobile:0 0 0 0;--_ga-p-mobile:0 0 0 0;--_ga-bg-mobile:transparent none;--_ga-zi-mobile:auto;--_ga-d-mobile:none;--_ga-mw-mobile:calc(100% - 0 - 0)\">\n\n<figure class=\"wp-block-image size-large is-resized is-style-default\"><img loading=\"lazy\" src=\"https:\/\/www.mettler1929.ch\/wp-content\/uploads\/2021\/06\/soap-doctor-big-homepage-1-1024x1024-1-1024x1024.png\" alt=\"\" class=\"wp-image-15132\" width=\"420\" height=\"434\"\/><\/figure>\n\n<\/div>\n\n<div class=\"grids-area\" style=\"--_ga-column:8\/11;--_ga-row:1\/4;--_ga-va:center;--_ga-m-desktop:0 0 0 0;--_ga-p-desktop:0 0 0 0;--_ga-bg-desktop:transparent none;--_ga-zi-desktop:auto;--_ga-d-desktop:flex;--_ga-mw-desktop:calc(100% - 0 - 0);--_ga-m-tablet:0 0 0 0;--_ga-p-tablet:0 0 0 0;--_ga-bg-tablet:transparent none;--_ga-zi-tablet:auto;--_ga-d-tablet:flex;--_ga-mw-tablet:calc(100% - 0 - 0);--_ga-m-mobile:0 0 0 0;--_ga-p-mobile:0 0 0 0;--_ga-bg-mobile:transparent none;--_ga-zi-mobile:auto;--_ga-d-mobile:flex;--_ga-mw-mobile:calc(100% - 0 - 0)\">\n\n<h2 class=\"has-text-align-left\">1929, l&#8217;histoire commence<\/h2>\n\n\n\n<p class=\"has-text-align-left\">Un homme suisse du nom de Gotthilf Mettler, fondateur de la marque, est revenu d\u2019un long voyage au Royaume-Uni avec une recette de savon \u00e0 la glyc\u00e9rine remise par un m\u00e9decin britannique. Malgr\u00e9 le fait que ce type de savon \u00e9tait pratiquement inconnu en Europe \u00e0 l\u2019\u00e9poque, Mr. Mettler a d\u00e9tect\u00e9 son potentiel \u00e9lev\u00e9. Il d\u00e9cide alors de construire sa propre savonnerie et cr\u00e9e le premier savon \u00e0 la glyc\u00e9rine de Suisse: le &#8220;Savon pour m\u00e9decins&#8221;.<\/p>\n\n<\/div>\n<\/div><\/div>\n\n<div  class=\"grids-section grids-is-advanced\" style=\"--_gs-gap-desktop:0px 0px;--_gs-m-desktop:0 0 0 0;--_gs-p-desktop:0 0 0 0;--_gs-bg-desktop:transparent none;--_gs-bg-xp-desktop:0px;--_gs-zi-desktop:auto;--_gs-d-desktop:block;--_gs-mw-desktop:calc(100% - 0 - 0);--_gs-gap-tablet:0px 0px;--_gs-m-tablet:0 0 0 0;--_gs-p-tablet:0 0 0 0;--_gs-bg-tablet:transparent none;--_gs-bg-xp-tablet:0px;--_gs-zi-tablet:auto;--_gs-d-tablet:block;--_gs-mw-tablet:calc(100% - 0 - 0);--_gs-gap-mobile:0px 0px;--_gs-m-mobile:0 0 0 0;--_gs-p-mobile:0 0 0 0;--_gs-bg-mobile:transparent none;--_gs-bg-xp-mobile:0px;--_gs-zi-mobile:auto;--_gs-d-mobile:block;--_gs-mw-mobile:calc(100% - 0 - 0);--_gs-columns:12;--_gs-rows:6\"><div class=\"grids-s-w_i\">\n<div class=\"grids-area\" style=\"--_ga-column:2\/5;--_ga-row:1\/4;--_ga-m-desktop:0 0 0 0;--_ga-p-desktop:0 0 0 0;--_ga-bg-desktop:transparent none;--_ga-zi-desktop:auto;--_ga-d-desktop:flex;--_ga-mw-desktop:calc(100% - 0 - 0);--_ga-m-tablet:0 0 0 0;--_ga-p-tablet:0 0 0 0;--_ga-bg-tablet:transparent none;--_ga-zi-tablet:auto;--_ga-d-tablet:flex;--_ga-mw-tablet:calc(100% - 0 - 0);--_ga-m-mobile:0 0 0 0;--_ga-p-mobile:0 0 0 0;--_ga-bg-mobile:transparent none;--_ga-zi-mobile:auto;--_ga-d-mobile:flex;--_ga-mw-mobile:calc(100% - 0 - 0)\">\n\n<div style=\"height:60px\" aria-hidden=\"true\" class=\"wp-block-spacer\"><\/div>\n\n\n\n<h2>1e Chapitre<\/h2>\n\n\n\n<p>L\u2019objectif de Gotthilf Mettler \u00e9tait de produire des savons de haute qualit\u00e9 pour les secteurs priv\u00e9 et m\u00e9dical. Gr\u00e2ce \u00e0 sa teneur \u00e9lev\u00e9e en glyc\u00e9rine, le savon nettoie la peau tout en la prot\u00e9geant contre la s\u00e9cheresse. Notre savon \u00e0 la glyc\u00e9rine est rapidement devenu un incontournable et plus de 90 ans plus tard, la savonnerie d\u2019origine situ\u00e9e \u00e0 Hornussen dans le canton d\u2019Argovie fonctionne toujours et aujourd\u2019hui, notre savon \u00e0 la glyc\u00e9rine est vendu dans la plupart des pharmacies suisses et \u00e0 l\u2019\u00e9tranger.<\/p>\n\n<\/div>\n\n<div class=\"grids-area\" style=\"--_ga-column:6\/12;--_ga-row:1\/4;--_ga-m-desktop:0 0 0 0;--_ga-p-desktop:0 0 0 0;--_ga-bg-desktop:transparent none;--_ga-zi-desktop:auto;--_ga-d-desktop:flex;--_ga-mw-desktop:calc(100% - 0 - 0);--_ga-m-tablet:0 0 0 0;--_ga-p-tablet:0 0 0 0;--_ga-bg-tablet:transparent none;--_ga-zi-tablet:auto;--_ga-d-tablet:flex;--_ga-mw-tablet:calc(100% - 0 - 0);--_ga-m-mobile:0 0 0 0;--_ga-p-mobile:0 0 0 0;--_ga-bg-mobile:transparent none;--_ga-zi-mobile:auto;--_ga-d-mobile:none;--_ga-mw-mobile:calc(100% - 0 - 0)\">\n\n<figure class=\"wp-block-image size-large\"><img loading=\"lazy\" width=\"1024\" height=\"683\" src=\"https:\/\/www.mettler1929.ch\/wp-content\/uploads\/2020\/02\/glycerin-1024x683.jpg\" alt=\"glycerin soap production\" class=\"wp-image-4269\" srcset=\"https:\/\/www.mettler1929.ch\/wp-content\/uploads\/2020\/02\/glycerin-1024x683.jpg 1024w, https:\/\/www.mettler1929.ch\/wp-content\/uploads\/2020\/02\/glycerin-scaled-600x400.jpg 600w, https:\/\/www.mettler1929.ch\/wp-content\/uploads\/2020\/02\/glycerin-800x534.jpg 800w, https:\/\/www.mettler1929.ch\/wp-content\/uploads\/2020\/02\/glycerin-640x427.jpg 640w, https:\/\/www.mettler1929.ch\/wp-content\/uploads\/2020\/02\/glycerin-768x513.jpg 768w, https:\/\/www.mettler1929.ch\/wp-content\/uploads\/2020\/02\/glycerin-1536x1025.jpg 1536w, https:\/\/www.mettler1929.ch\/wp-content\/uploads\/2020\/02\/glycerin-2048x1367.jpg 2048w\" sizes=\"(max-width: 1024px) 100vw, 1024px\" \/><\/figure>\n\n<\/div>\n\n<div class=\"grids-area\" style=\"--_ga-column:5\/9;--_ga-row:3\/5;--_ga-m-desktop:0 0 0 0;--_ga-p-desktop:0 0 0 0;--_ga-bg-desktop:transparent none;--_ga-zi-desktop:auto;--_ga-d-desktop:flex;--_ga-mw-desktop:calc(100% - 0 - 0);--_ga-m-tablet:0 0 0 0;--_ga-p-tablet:0 0 0 0;--_ga-bg-tablet:transparent none;--_ga-zi-tablet:auto;--_ga-d-tablet:flex;--_ga-mw-tablet:calc(100% - 0 - 0);--_ga-m-mobile:0 0 0 0;--_ga-p-mobile:0 0 0 0;--_ga-bg-mobile:transparent none;--_ga-zi-mobile:auto;--_ga-d-mobile:flex;--_ga-mw-mobile:calc(100% - 0 - 0)\">\n\n<figure class=\"wp-block-embed is-type-video is-provider-youtube wp-block-embed-youtube wp-embed-aspect-16-9 wp-has-aspect-ratio\"><div class=\"wp-block-embed__wrapper\">\n<iframe loading=\"lazy\" title=\"Manufacture of Mettler 1929 Glycerine Soap - Swiss Soap Factory in Hornussen\" width=\"1440\" height=\"810\" src=\"https:\/\/www.youtube.com\/embed\/eJmPLnlOrOo?feature=oembed\" frameborder=\"0\" allow=\"accelerometer; autoplay; clipboard-write; encrypted-media; gyroscope; picture-in-picture\" allowfullscreen><\/iframe>\n<\/div><\/figure>\n\n<\/div>\n<\/div><\/div>\n\n\n<div style=\"height:90px\" aria-hidden=\"true\" class=\"wp-block-spacer\"><\/div>\n\n\n<div  class=\"grids-section grids-is-advanced\" style=\"--_gs-gap-desktop:0px 0px;--_gs-m-desktop:0 0 0 0;--_gs-p-desktop:0 0 0 0;--_gs-bg-desktop:transparent none;--_gs-bg-xp-desktop:0px;--_gs-zi-desktop:auto;--_gs-d-desktop:block;--_gs-mw-desktop:calc(100% - 0 - 0);--_gs-gap-tablet:0px 0px;--_gs-m-tablet:0 0 0 0;--_gs-p-tablet:0 0 0 0;--_gs-bg-tablet:transparent none;--_gs-bg-xp-tablet:0px;--_gs-zi-tablet:auto;--_gs-d-tablet:block;--_gs-mw-tablet:calc(100% - 0 - 0);--_gs-gap-mobile:0px 0px;--_gs-m-mobile:0 0 0 0;--_gs-p-mobile:0 0 0 0;--_gs-bg-mobile:transparent none;--_gs-bg-xp-mobile:0px;--_gs-zi-mobile:auto;--_gs-d-mobile:block;--_gs-mw-mobile:calc(100% - 0 - 0);--_gs-columns:12;--_gs-rows:6\"><div class=\"grids-s-w_i\">\n<div class=\"grids-area\" style=\"--_ga-column:2\/6;--_ga-row:1\/5;--_ga-va:center;--_ga-m-desktop:0 0 0 0;--_ga-p-desktop:0 0 0 0;--_ga-bg-desktop:transparent none;--_ga-zi-desktop:auto;--_ga-d-desktop:flex;--_ga-mw-desktop:calc(100% - 0 - 0);--_ga-m-tablet:0 0 0 0;--_ga-p-tablet:0 0 0 0;--_ga-bg-tablet:transparent none;--_ga-zi-tablet:auto;--_ga-d-tablet:flex;--_ga-mw-tablet:calc(100% - 0 - 0);--_ga-m-mobile:0 0 0 0;--_ga-p-mobile:0 0 0 0;--_ga-bg-mobile:transparent none;--_ga-zi-mobile:auto;--_ga-d-mobile:flex;--_ga-mw-mobile:calc(100% - 0 - 0)\">\n\n<figure class=\"wp-block-image size-full\"><img loading=\"lazy\" width=\"561\" height=\"800\" src=\"https:\/\/www.mettler1929.ch\/wp-content\/uploads\/2020\/06\/poster_203430_z-1.jpg\" alt=\"\" class=\"wp-image-10941\" srcset=\"https:\/\/www.mettler1929.ch\/wp-content\/uploads\/2020\/06\/poster_203430_z-1.jpg 561w, https:\/\/www.mettler1929.ch\/wp-content\/uploads\/2020\/06\/poster_203430_z-1-421x600.jpg 421w, https:\/\/www.mettler1929.ch\/wp-content\/uploads\/2020\/06\/poster_203430_z-1-337x480.jpg 337w\" sizes=\"(max-width: 561px) 100vw, 561px\" \/><\/figure>\n\n<\/div>\n\n<div class=\"grids-area\" style=\"--_ga-column:7\/11;--_ga-row:1\/5;--_ga-va:center;--_ga-m-desktop:0 0 0 0;--_ga-p-desktop:0 0 0 0;--_ga-bg-desktop:transparent none;--_ga-zi-desktop:auto;--_ga-d-desktop:flex;--_ga-mw-desktop:calc(100% - 0 - 0);--_ga-m-tablet:0 0 0 0;--_ga-p-tablet:0 0 0 0;--_ga-bg-tablet:transparent none;--_ga-zi-tablet:auto;--_ga-d-tablet:flex;--_ga-mw-tablet:calc(100% - 0 - 0);--_ga-m-mobile:0 0 0 0;--_ga-p-mobile:0 0 0 0;--_ga-bg-mobile:transparent none;--_ga-zi-mobile:auto;--_ga-d-mobile:flex;--_ga-mw-mobile:calc(100% - 0 - 0)\">\n\n<h2>2e Chapitre<\/h2>\n\n\n\n<p>M. Peter Yip, cofondateur de la c\u00e9l\u00e8bre marque de cosm\u00e9tiques de luxe La Prairie et propri\u00e9taire des meilleurs cosm\u00e9tiques de luxe Bellefontaine et La Vall\u00e9e, a \u00e9t\u00e9 inspir\u00e9 et enchant\u00e9 par la qualit\u00e9 des savons \u00e0 la glyc\u00e9rine. Il a d\u00e9cid\u00e9 d\u2019acheter l\u2019usine. Suivant la voie innovante de Gottlieb Mettler et en mettant l\u2019accent sur la qualit\u00e9 naturelle, artisanale et luxueuse des savons, il a transform\u00e9 Mettler en une marque de cosm\u00e9tiques haut de gamme: <strong>Mettler1929 \u2013 LUXURY MADE BY NATURE pour les femmes et leurs familles \u00e0 travers le monde.<\/strong><\/p>\n\n\n\n<p class=\"has-text-align-left\">Son soin anti-\u00e2ge r\u00e9volutionnaire, qui combine une c\u00e9l\u00e8bre cellule souche de pomme suisse avec une biotechnologie de pointe, est devenu un best-seller.<\/p>\n\n<\/div>\n<\/div><\/div>\n\n\n<div style=\"height:90px\" aria-hidden=\"true\" class=\"wp-block-spacer\"><\/div>\n\n\n\n<h2 class=\"has-text-align-center has-huge-font-size\">Mettler1929 \u2013 LUXURY MADE BY NATURE <\/h2>\n\n\n\n<h2 class=\"has-text-align-center has-huge-font-size\">pour les femmes et leurs familles \u00e0 travers le monde.<\/h2>\n\n\n\n<div style=\"height:90px\" aria-hidden=\"true\" class=\"wp-block-spacer\"><\/div>\n\n\n<div  class=\"grids-section grids-is-advanced\" style=\"--_gs-gap-desktop:0px 0px;--_gs-m-desktop:0 0 0 0;--_gs-p-desktop:0 0 0 0;--_gs-bg-desktop:transparent none;--_gs-bg-xp-desktop:0px;--_gs-zi-desktop:auto;--_gs-d-desktop:block;--_gs-mw-desktop:calc(100% - 0 - 0);--_gs-gap-tablet:0px 0px;--_gs-m-tablet:0 0 0 0;--_gs-p-tablet:0 0 0 0;--_gs-bg-tablet:transparent none;--_gs-bg-xp-tablet:0px;--_gs-zi-tablet:auto;--_gs-d-tablet:block;--_gs-mw-tablet:calc(100% - 0 - 0);--_gs-gap-mobile:0px 0px;--_gs-m-mobile:0 0 0 0;--_gs-p-mobile:0 0 0 0;--_gs-bg-mobile:transparent none;--_gs-bg-xp-mobile:0px;--_gs-zi-mobile:auto;--_gs-d-mobile:block;--_gs-mw-mobile:calc(100% - 0 - 0);--_gs-columns:12;--_gs-rows:6\"><div class=\"grids-s-w_i\">\n<div class=\"grids-area\" style=\"--_ga-column:3\/6;--_ga-row:2\/6;--_ga-m-desktop:0 0 0 0;--_ga-p-desktop:0 0 0 0;--_ga-bg-desktop:transparent none;--_ga-zi-desktop:auto;--_ga-d-desktop:flex;--_ga-mw-desktop:calc(100% - 0 - 0);--_ga-m-tablet:0 0 0 0;--_ga-p-tablet:0 0 0 0;--_ga-bg-tablet:transparent none;--_ga-zi-tablet:auto;--_ga-d-tablet:flex;--_ga-mw-tablet:calc(100% - 0 - 0);--_ga-m-mobile:0 0 0 0;--_ga-p-mobile:0 0 0 0;--_ga-bg-mobile:transparent none;--_ga-zi-mobile:auto;--_ga-d-mobile:flex;--_ga-mw-mobile:calc(100% - 0 - 0)\">\n\n<h2>Des produits uniques<\/h2>\n\n\n\n<p><strong>STC Cell-Tech line<\/strong>  l\u2019unique et luxueux soin anti-\u00e2ge naturel, vegan, sans alcool fabriqu\u00e9 en Suisse. Son efficacit\u00e9 est cliniquement test\u00e9e, ce soin est bas\u00e9 sur une technologie de pointe <strong>PhytoCellTech<\/strong>. Notre ligne de soin la plus vendue en pharmacie.<\/p>\n\n\n\n<p><br>L\u2019iconique <strong>savon \u00e0 la glyc\u00e9rine<\/strong> fabriqu\u00e9 de fa\u00e7on traditionnelle \u00e0 la main depuis 1929 Il figure dans les pharmacies depuis des g\u00e9n\u00e9rations<\/p>\n\n<\/div>\n\n<div class=\"grids-area\" style=\"--_ga-column:7\/12;--_ga-row:2\/6;--_ga-m-desktop:0 0 0 0;--_ga-p-desktop:0 0 0 0;--_ga-bg-desktop:transparent none;--_ga-zi-desktop:auto;--_ga-d-desktop:flex;--_ga-mw-desktop:calc(100% - 0 - 0);--_ga-m-tablet:0 0 0 0;--_ga-p-tablet:0 0 0 0;--_ga-bg-tablet:transparent none;--_ga-zi-tablet:auto;--_ga-d-tablet:flex;--_ga-mw-tablet:calc(100% - 0 - 0);--_ga-m-mobile:0 0 0 0;--_ga-p-mobile:0 0 0 0;--_ga-bg-mobile:transparent none;--_ga-zi-mobile:auto;--_ga-d-mobile:flex;--_ga-mw-mobile:calc(100% - 0 - 0)\">\n\n<figure class=\"wp-block-image size-full\"><img loading=\"lazy\" width=\"546\" height=\"281\" src=\"https:\/\/www.mettler1929.ch\/wp-content\/uploads\/2022\/07\/deco-2-3-e1657750825453.jpg\" alt=\"\" class=\"wp-image-17558\"\/><\/figure>\n\n<\/div>\n<\/div><\/div>\n\n\n<div style=\"height:130px\" aria-hidden=\"true\" class=\"wp-block-spacer\"><\/div>\n\n\n<div  class=\"grids-section grids-is-advanced\" style=\"--_gs-gap-desktop:0px 0px;--_gs-m-desktop:0 0 0 0;--_gs-p-desktop:0 0 0 0;--_gs-bg-desktop:transparent none;--_gs-bg-xp-desktop:0px;--_gs-zi-desktop:auto;--_gs-d-desktop:block;--_gs-mw-desktop:calc(100% - 0 - 0);--_gs-gap-tablet:0px 0px;--_gs-m-tablet:0 0 0 0;--_gs-p-tablet:0 0 0 0;--_gs-bg-tablet:transparent none;--_gs-bg-xp-tablet:0px;--_gs-zi-tablet:auto;--_gs-d-tablet:block;--_gs-mw-tablet:calc(100% - 0 - 0);--_gs-gap-mobile:0px 0px;--_gs-m-mobile:0 0 0 0;--_gs-p-mobile:0 0 0 0;--_gs-bg-mobile:transparent none;--_gs-bg-xp-mobile:0px;--_gs-zi-mobile:auto;--_gs-d-mobile:block;--_gs-mw-mobile:calc(100% - 0 - 0);--_gs-columns:12;--_gs-rows:6\"><div class=\"grids-s-w_i\">\n<div class=\"grids-area\" style=\"--_ga-column:3\/8;--_ga-row:2\/6;--_ga-va:center;--_ga-m-desktop:0 0 0 0;--_ga-p-desktop:0 0 0 0;--_ga-bg-desktop:transparent none;--_ga-zi-desktop:auto;--_ga-d-desktop:flex;--_ga-mw-desktop:calc(100% - 0 - 0);--_ga-m-tablet:0 0 0 0;--_ga-p-tablet:0 0 0 0;--_ga-bg-tablet:transparent none;--_ga-zi-tablet:auto;--_ga-d-tablet:flex;--_ga-mw-tablet:calc(100% - 0 - 0);--_ga-m-mobile:0 0 0 0;--_ga-p-mobile:0 0 0 0;--_ga-bg-mobile:transparent none;--_ga-zi-mobile:auto;--_ga-d-mobile:flex;--_ga-mw-mobile:calc(100% - 0 - 0)\">\n\n<figure class=\"wp-block-image size-large\"><img loading=\"lazy\" width=\"1024\" height=\"1024\" src=\"https:\/\/www.mettler1929.ch\/wp-content\/uploads\/2021\/09\/mettler1929_stc-home-1024x1024.png\" alt=\"\" class=\"wp-image-16484\" srcset=\"https:\/\/www.mettler1929.ch\/wp-content\/uploads\/2021\/09\/mettler1929_stc-home.png 1024w, https:\/\/www.mettler1929.ch\/wp-content\/uploads\/2021\/09\/mettler1929_stc-home-600x600.png 600w, https:\/\/www.mettler1929.ch\/wp-content\/uploads\/2021\/09\/mettler1929_stc-home-480x480.png 480w, https:\/\/www.mettler1929.ch\/wp-content\/uploads\/2021\/09\/mettler1929_stc-home-768x768.png 768w, https:\/\/www.mettler1929.ch\/wp-content\/uploads\/2021\/09\/mettler1929_stc-home-300x300.png 300w, https:\/\/www.mettler1929.ch\/wp-content\/uploads\/2021\/09\/mettler1929_stc-home-100x100.png 100w, https:\/\/www.mettler1929.ch\/wp-content\/uploads\/2021\/09\/mettler1929_stc-home-60x60.png 60w, https:\/\/www.mettler1929.ch\/wp-content\/uploads\/2021\/09\/mettler1929_stc-home-90x90.png 90w\" sizes=\"(max-width: 1024px) 100vw, 1024px\" \/><\/figure>\n\n<\/div>\n\n<div class=\"grids-area\" style=\"--_ga-column:9\/12;--_ga-row:2\/6;--_ga-va:center;--_ga-m-desktop:0 0 0 0;--_ga-p-desktop:0 0 0 0;--_ga-bg-desktop:transparent none;--_ga-zi-desktop:auto;--_ga-d-desktop:flex;--_ga-mw-desktop:calc(100% - 0 - 0);--_ga-m-tablet:0 0 0 0;--_ga-p-tablet:0 0 0 0;--_ga-bg-tablet:transparent none;--_ga-zi-tablet:auto;--_ga-d-tablet:flex;--_ga-mw-tablet:calc(100% - 0 - 0);--_ga-m-mobile:0 0 0 0;--_ga-p-mobile:0 0 0 0;--_ga-bg-mobile:transparent none;--_ga-zi-mobile:auto;--_ga-d-mobile:flex;--_ga-mw-mobile:calc(100% - 0 - 0)\">\n\n<p><strong>QUALIT\u00c9 SUISSE<\/strong><br>nos produits sont d\u00e9velopp\u00e9s en Suisse avec de puissants ingr\u00e9dients offerts par la nature suisse comme la c\u00e9l\u00e8bre pomme Uttwiler Sp\u00e4tlauber.<\/p>\n\n\n\n<p><strong>TENDANCE <\/strong><br>85-97% d\u2019ingr\u00e9dients naturels de haute performance : cellules souches de pommes, vegan, 0% de parab\u00e8ne, 0&nbsp;% phtalates, 0&nbsp;% m\u00e9thylisothiazolinone, 0&nbsp;% silicium (STC cr\u00e8me anti-\u00e2ge), 0&nbsp;% paraffines (STC cr\u00e8me anti-\u00e2ge), 0&nbsp;% sulfates (SCT cr\u00e8me anti-\u00e2ge) et&nbsp;0&nbsp;% alcool (gamme anti-\u00e2ge).<\/p>\n\n\n\n<p><strong>LARGE GAMME <\/strong>Mettler1929 prend soin de vous et de vos proches. Nos 9 lignes de produits couvrent les besoins sophistiqu\u00e9s de la peau et les besoins quotidiens de beaut\u00e9 et d\u2019hygi\u00e8ne de la famille enti\u00e8re (unisexe, \u00e0 partir de 6ans, cibl\u00e9es sur les femmes \u00e0 partir de 30 ans)<br><br><strong>EXCELLENCE<\/strong><br>Fabriqu\u00e9 en Suisse, test\u00e9 en laboratoires avec une efficacit\u00e9 prouv\u00e9e et une haute satisfaction des clients<\/p>\n\n<\/div>\n<\/div><\/div>\n\n\n<div style=\"height:130px\" aria-hidden=\"true\" class=\"wp-block-spacer\"><\/div>\n\n\n\n<\/div> <!-- close parent container -->\n<section class=\"content__block slider family-lines-background\">\n    <div class=\"content__block--inner column\">\n\n\n        <div class=\"content\">\n\t\t\t<h2 class=\"title\">D\u00e9couvrez toutes les lignes de produits Mettler<\/h2>\n            <p class=\"text\">Mettler offre une gamme de 9 lignes de produits pour r\u00e9pondre aux besoins sp\u00e9cifiques de chaque type de peau et de cheveux.<\/p>\n        <\/div>\n\n\n\n                <!-- Slider main container -->\n        <div class=\"swiper family-lines\">\n            <div class=\"swiper-wrapper\">\n\n        \n                <div class=\"swiper-slide\">\n\t\t\t\t\t<a href=\"https:\/\/www.mettler1929.ch\/fr\/produits\/glycerine\/\">\n\t\t\t\t\t\t<div class=\"image-container glycerin-color\">\n\t\t\t\t\t\t\t<img width=\"400\" height=\"328\" src=\"https:\/\/www.mettler1929.ch\/wp-content\/uploads\/2019\/11\/glycerin_product_detail_400.png\" class=\"attachment-medium size-medium\" alt=\"\" loading=\"lazy\" \/>\n\t\t\t\t\t\t<\/div>\n\n\t\t\t\t\t\t<h2 class=\"title title--slider\">\n\t\t\t\t\t\t\tGlyc\u00e9rine\t\t\t\t\t\t<\/h2>\n\t\t\t\t\t\t<p>\n\t\t\t\t\t\t\tLa ligne Glyc\u00e9rine est compos\u00e9e de savons pour le visage et le corps. Cet ingr\u00e9dient, la glyc\u00e9rine est connue pour ses propri\u00e9t\u00e9s hydratantes, \u00e9mollientes et protectrices. Cette ligne permet de nettoyer la peau sans provoquer de sensations de s\u00e9cheresse, la laissant douce.\t\t\t\t\t\t<\/p>\n\t\t\t\t\t<\/a>\n                    <!-- <a href=\"https:\/\/www.mettler1929.ch\/fr\/produits\/glycerine\/\">\n\n                        <img width=\"400\" height=\"328\" src=\"https:\/\/www.mettler1929.ch\/wp-content\/uploads\/2019\/11\/glycerin_product_detail_400.png\" class=\"attachment-medium size-medium\" alt=\"\" loading=\"lazy\" \/>\n                        <h2 class=\"title title--slider\">\n                            Glyc\u00e9rine                        <\/h2>\n\n\t\t\t\t\t\t<p>\n\t\t\t\t\t\t\tLa ligne Glyc\u00e9rine est compos\u00e9e de savons pour le visage et le corps. Cet ingr\u00e9dient, la glyc\u00e9rine est connue pour ses propri\u00e9t\u00e9s hydratantes, \u00e9mollientes et protectrices. Cette ligne permet de nettoyer la peau sans provoquer de sensations de s\u00e9cheresse, la laissant douce.\t\t\t\t\t\t<\/p>\n\t\t\t\t\t<\/a> -->\n\n                <\/div>\n\n        \n                <div class=\"swiper-slide\">\n\t\t\t\t\t<a href=\"https:\/\/www.mettler1929.ch\/fr\/produits\/hydratante\/\">\n\t\t\t\t\t\t<div class=\"image-container moisturizing-color\">\n\t\t\t\t\t\t\t<img width=\"786\" height=\"600\" src=\"https:\/\/www.mettler1929.ch\/wp-content\/uploads\/2019\/11\/mettler1929_moisturizing-786x600.png\" class=\"attachment-medium size-medium\" alt=\"\" loading=\"lazy\" srcset=\"https:\/\/www.mettler1929.ch\/wp-content\/uploads\/2019\/11\/mettler1929_moisturizing-786x600.png 786w, https:\/\/www.mettler1929.ch\/wp-content\/uploads\/2019\/11\/mettler1929_moisturizing-600x458.png 600w, https:\/\/www.mettler1929.ch\/wp-content\/uploads\/2019\/11\/mettler1929_moisturizing-629x480.png 629w, https:\/\/www.mettler1929.ch\/wp-content\/uploads\/2019\/11\/mettler1929_moisturizing-768x586.png 768w, https:\/\/www.mettler1929.ch\/wp-content\/uploads\/2019\/11\/mettler1929_moisturizing.png 840w\" sizes=\"(max-width: 786px) 100vw, 786px\" \/>\n\t\t\t\t\t\t<\/div>\n\n\t\t\t\t\t\t<h2 class=\"title title--slider\">\n\t\t\t\t\t\t\tHydratante\t\t\t\t\t\t<\/h2>\n\t\t\t\t\t\t<p>\n\t\t\t\t\t\t\tLa ligne Hydratante s\u2019adresse aux peaux s\u00e8ches qui ne produisent pas assez de corps gras, ainsi qu\u2019aux peaux d\u00e9shydrat\u00e9es qui manquent d\u2019eau. Elle propose des soins qui luttent contre les sensations de tiraillement, les zones rugueuses et r\u00eaches et les d\u00e9mangeaisons. La ligne Hydratante nourrit la peau, la laissant douce pour un confort optimal.\t\t\t\t\t\t<\/p>\n\t\t\t\t\t<\/a>\n                    <!-- <a href=\"https:\/\/www.mettler1929.ch\/fr\/produits\/hydratante\/\">\n\n                        <img width=\"786\" height=\"600\" src=\"https:\/\/www.mettler1929.ch\/wp-content\/uploads\/2019\/11\/mettler1929_moisturizing-786x600.png\" class=\"attachment-medium size-medium\" alt=\"\" loading=\"lazy\" srcset=\"https:\/\/www.mettler1929.ch\/wp-content\/uploads\/2019\/11\/mettler1929_moisturizing-786x600.png 786w, https:\/\/www.mettler1929.ch\/wp-content\/uploads\/2019\/11\/mettler1929_moisturizing-600x458.png 600w, https:\/\/www.mettler1929.ch\/wp-content\/uploads\/2019\/11\/mettler1929_moisturizing-629x480.png 629w, https:\/\/www.mettler1929.ch\/wp-content\/uploads\/2019\/11\/mettler1929_moisturizing-768x586.png 768w, https:\/\/www.mettler1929.ch\/wp-content\/uploads\/2019\/11\/mettler1929_moisturizing.png 840w\" sizes=\"(max-width: 786px) 100vw, 786px\" \/>\n                        <h2 class=\"title title--slider\">\n                            Hydratante                        <\/h2>\n\n\t\t\t\t\t\t<p>\n\t\t\t\t\t\t\tLa ligne Hydratante s\u2019adresse aux peaux s\u00e8ches qui ne produisent pas assez de corps gras, ainsi qu\u2019aux peaux d\u00e9shydrat\u00e9es qui manquent d\u2019eau. Elle propose des soins qui luttent contre les sensations de tiraillement, les zones rugueuses et r\u00eaches et les d\u00e9mangeaisons. La ligne Hydratante nourrit la peau, la laissant douce pour un confort optimal.\t\t\t\t\t\t<\/p>\n\t\t\t\t\t<\/a> -->\n\n                <\/div>\n\n        \n                <div class=\"swiper-slide\">\n\t\t\t\t\t<a href=\"https:\/\/www.mettler1929.ch\/fr\/produits\/peau-sensible\/\">\n\t\t\t\t\t\t<div class=\"image-container sensitive-color\">\n\t\t\t\t\t\t\t<img width=\"786\" height=\"600\" src=\"https:\/\/www.mettler1929.ch\/wp-content\/uploads\/2019\/11\/mettler1929_sensitive-786x600.png\" class=\"attachment-medium size-medium\" alt=\"\" loading=\"lazy\" srcset=\"https:\/\/www.mettler1929.ch\/wp-content\/uploads\/2019\/11\/mettler1929_sensitive-786x600.png 786w, https:\/\/www.mettler1929.ch\/wp-content\/uploads\/2019\/11\/mettler1929_sensitive-600x458.png 600w, https:\/\/www.mettler1929.ch\/wp-content\/uploads\/2019\/11\/mettler1929_sensitive-629x480.png 629w, https:\/\/www.mettler1929.ch\/wp-content\/uploads\/2019\/11\/mettler1929_sensitive-768x586.png 768w, https:\/\/www.mettler1929.ch\/wp-content\/uploads\/2019\/11\/mettler1929_sensitive.png 840w\" sizes=\"(max-width: 786px) 100vw, 786px\" \/>\n\t\t\t\t\t\t<\/div>\n\n\t\t\t\t\t\t<h2 class=\"title title--slider\">\n\t\t\t\t\t\t\tPeau Sensible\t\t\t\t\t\t<\/h2>\n\t\t\t\t\t\t<p>\n\t\t\t\t\t\t\tLa ligne Peau Sensible est compos\u00e9e de produits de soins tr\u00e8s doux qui s\u2019adressent aux peaux r\u00e9actives et d\u00e9licates. Cette ligne apaise les rougeurs et irritations, calme le film protecteur de la peau, nourrit et hydrate, laissant la peau douce.\t\t\t\t\t\t<\/p>\n\t\t\t\t\t<\/a>\n                    <!-- <a href=\"https:\/\/www.mettler1929.ch\/fr\/produits\/peau-sensible\/\">\n\n                        <img width=\"786\" height=\"600\" src=\"https:\/\/www.mettler1929.ch\/wp-content\/uploads\/2019\/11\/mettler1929_sensitive-786x600.png\" class=\"attachment-medium size-medium\" alt=\"\" loading=\"lazy\" srcset=\"https:\/\/www.mettler1929.ch\/wp-content\/uploads\/2019\/11\/mettler1929_sensitive-786x600.png 786w, https:\/\/www.mettler1929.ch\/wp-content\/uploads\/2019\/11\/mettler1929_sensitive-600x458.png 600w, https:\/\/www.mettler1929.ch\/wp-content\/uploads\/2019\/11\/mettler1929_sensitive-629x480.png 629w, https:\/\/www.mettler1929.ch\/wp-content\/uploads\/2019\/11\/mettler1929_sensitive-768x586.png 768w, https:\/\/www.mettler1929.ch\/wp-content\/uploads\/2019\/11\/mettler1929_sensitive.png 840w\" sizes=\"(max-width: 786px) 100vw, 786px\" \/>\n                        <h2 class=\"title title--slider\">\n                            Peau Sensible                        <\/h2>\n\n\t\t\t\t\t\t<p>\n\t\t\t\t\t\t\tLa ligne Peau Sensible est compos\u00e9e de produits de soins tr\u00e8s doux qui s\u2019adressent aux peaux r\u00e9actives et d\u00e9licates. Cette ligne apaise les rougeurs et irritations, calme le film protecteur de la peau, nourrit et hydrate, laissant la peau douce.\t\t\t\t\t\t<\/p>\n\t\t\t\t\t<\/a> -->\n\n                <\/div>\n\n        \n                <div class=\"swiper-slide\">\n\t\t\t\t\t<a href=\"https:\/\/www.mettler1929.ch\/fr\/produits\/stc-cell-tech\/\">\n\t\t\t\t\t\t<div class=\"image-container stc-color\">\n\t\t\t\t\t\t\t<img width=\"788\" height=\"600\" src=\"https:\/\/www.mettler1929.ch\/wp-content\/uploads\/2019\/11\/mettler1929_stc-788x600.png\" class=\"attachment-medium size-medium\" alt=\"\" loading=\"lazy\" srcset=\"https:\/\/www.mettler1929.ch\/wp-content\/uploads\/2019\/11\/mettler1929_stc-788x600.png 788w, https:\/\/www.mettler1929.ch\/wp-content\/uploads\/2019\/11\/mettler1929_stc-600x457.png 600w, https:\/\/www.mettler1929.ch\/wp-content\/uploads\/2019\/11\/mettler1929_stc-630x480.png 630w, https:\/\/www.mettler1929.ch\/wp-content\/uploads\/2019\/11\/mettler1929_stc-768x585.png 768w, https:\/\/www.mettler1929.ch\/wp-content\/uploads\/2019\/11\/mettler1929_stc.png 840w\" sizes=\"(max-width: 788px) 100vw, 788px\" \/>\n\t\t\t\t\t\t<\/div>\n\n\t\t\t\t\t\t<h2 class=\"title title--slider\">\n\t\t\t\t\t\t\tSTC Cell-Tech\t\t\t\t\t\t<\/h2>\n\t\t\t\t\t\t<p>\n\t\t\t\t\t\t\tLa ligne STC Cell-Tech a \u00e9t\u00e9 d\u00e9velopp\u00e9e \u00e0 l\u2019aide des technologies les plus r\u00e9centes, pour lutter contre les premi\u00e8res ridules et rides, ainsi que pour r\u00e9hydrater la peau. Ses soins performants utilisent les cellules souches de pomme de la vari\u00e9t\u00e9 \u00abUttwiler Sp\u00e4tlauber\u00bb, une pomme suisse, pour retarder le processus de vieillissement. La ligne est recommand\u00e9e d\u00e8s que la production naturelle de collag\u00e8ne diminue, soit d\u00e8s 25 et 30 ans suivant les personnes. \t\t\t\t\t\t<\/p>\n\t\t\t\t\t<\/a>\n                    <!-- <a href=\"https:\/\/www.mettler1929.ch\/fr\/produits\/stc-cell-tech\/\">\n\n                        <img width=\"788\" height=\"600\" src=\"https:\/\/www.mettler1929.ch\/wp-content\/uploads\/2019\/11\/mettler1929_stc-788x600.png\" class=\"attachment-medium size-medium\" alt=\"\" loading=\"lazy\" srcset=\"https:\/\/www.mettler1929.ch\/wp-content\/uploads\/2019\/11\/mettler1929_stc-788x600.png 788w, https:\/\/www.mettler1929.ch\/wp-content\/uploads\/2019\/11\/mettler1929_stc-600x457.png 600w, https:\/\/www.mettler1929.ch\/wp-content\/uploads\/2019\/11\/mettler1929_stc-630x480.png 630w, https:\/\/www.mettler1929.ch\/wp-content\/uploads\/2019\/11\/mettler1929_stc-768x585.png 768w, https:\/\/www.mettler1929.ch\/wp-content\/uploads\/2019\/11\/mettler1929_stc.png 840w\" sizes=\"(max-width: 788px) 100vw, 788px\" \/>\n                        <h2 class=\"title title--slider\">\n                            STC Cell-Tech                        <\/h2>\n\n\t\t\t\t\t\t<p>\n\t\t\t\t\t\t\tLa ligne STC Cell-Tech a \u00e9t\u00e9 d\u00e9velopp\u00e9e \u00e0 l\u2019aide des technologies les plus r\u00e9centes, pour lutter contre les premi\u00e8res ridules et rides, ainsi que pour r\u00e9hydrater la peau. Ses soins performants utilisent les cellules souches de pomme de la vari\u00e9t\u00e9 \u00abUttwiler Sp\u00e4tlauber\u00bb, une pomme suisse, pour retarder le processus de vieillissement. La ligne est recommand\u00e9e d\u00e8s que la production naturelle de collag\u00e8ne diminue, soit d\u00e8s 25 et 30 ans suivant les personnes. \t\t\t\t\t\t<\/p>\n\t\t\t\t\t<\/a> -->\n\n                <\/div>\n\n        \n                <div class=\"swiper-slide\">\n\t\t\t\t\t<a href=\"https:\/\/www.mettler1929.ch\/fr\/produits\/anti-age\/\">\n\t\t\t\t\t\t<div class=\"image-container antiage-color\">\n\t\t\t\t\t\t\t<img width=\"786\" height=\"600\" src=\"https:\/\/www.mettler1929.ch\/wp-content\/uploads\/2019\/11\/mettler1929_antiaging-786x600.png\" class=\"attachment-medium size-medium\" alt=\"\" loading=\"lazy\" srcset=\"https:\/\/www.mettler1929.ch\/wp-content\/uploads\/2019\/11\/mettler1929_antiaging-786x600.png 786w, https:\/\/www.mettler1929.ch\/wp-content\/uploads\/2019\/11\/mettler1929_antiaging-600x458.png 600w, https:\/\/www.mettler1929.ch\/wp-content\/uploads\/2019\/11\/mettler1929_antiaging-629x480.png 629w, https:\/\/www.mettler1929.ch\/wp-content\/uploads\/2019\/11\/mettler1929_antiaging-768x586.png 768w, https:\/\/www.mettler1929.ch\/wp-content\/uploads\/2019\/11\/mettler1929_antiaging.png 840w\" sizes=\"(max-width: 786px) 100vw, 786px\" \/>\n\t\t\t\t\t\t<\/div>\n\n\t\t\t\t\t\t<h2 class=\"title title--slider\">\n\t\t\t\t\t\t\tAnti-\u00e2ge\t\t\t\t\t\t<\/h2>\n\t\t\t\t\t\t<p>\n\t\t\t\t\t\t\tLa ligne Anti-\u00e2ge est formul\u00e9e pour nourrir, stimuler la production de collag\u00e8ne et prot\u00e9ger les peaux matures \u00e0 tr\u00e8s matures de la d\u00e9shydratation. Le ralentissement de la r\u00e9g\u00e9n\u00e9ration cellulaire entra\u00eene une perte d&#8217;\u00e9lasticit\u00e9 de la peau, qui s\u2019affine et s\u2019ass\u00e8che, provoquant l\u2019apparition de signes de vieillissement. Cette ligne Anti-\u00e2ge lutte contre le vieillissement cutan\u00e9, am\u00e9liore l\u2019\u00e9lasticit\u00e9 et la fermet\u00e9 de la peau, r\u00e9v\u00e9lant ainsi tout son \u00e9clat.\t\t\t\t\t\t<\/p>\n\t\t\t\t\t<\/a>\n                    <!-- <a href=\"https:\/\/www.mettler1929.ch\/fr\/produits\/anti-age\/\">\n\n                        <img width=\"786\" height=\"600\" src=\"https:\/\/www.mettler1929.ch\/wp-content\/uploads\/2019\/11\/mettler1929_antiaging-786x600.png\" class=\"attachment-medium size-medium\" alt=\"\" loading=\"lazy\" srcset=\"https:\/\/www.mettler1929.ch\/wp-content\/uploads\/2019\/11\/mettler1929_antiaging-786x600.png 786w, https:\/\/www.mettler1929.ch\/wp-content\/uploads\/2019\/11\/mettler1929_antiaging-600x458.png 600w, https:\/\/www.mettler1929.ch\/wp-content\/uploads\/2019\/11\/mettler1929_antiaging-629x480.png 629w, https:\/\/www.mettler1929.ch\/wp-content\/uploads\/2019\/11\/mettler1929_antiaging-768x586.png 768w, https:\/\/www.mettler1929.ch\/wp-content\/uploads\/2019\/11\/mettler1929_antiaging.png 840w\" sizes=\"(max-width: 786px) 100vw, 786px\" \/>\n                        <h2 class=\"title title--slider\">\n                            Anti-\u00e2ge                        <\/h2>\n\n\t\t\t\t\t\t<p>\n\t\t\t\t\t\t\tLa ligne Anti-\u00e2ge est formul\u00e9e pour nourrir, stimuler la production de collag\u00e8ne et prot\u00e9ger les peaux matures \u00e0 tr\u00e8s matures de la d\u00e9shydratation. Le ralentissement de la r\u00e9g\u00e9n\u00e9ration cellulaire entra\u00eene une perte d'\u00e9lasticit\u00e9 de la peau, qui s\u2019affine et s\u2019ass\u00e8che, provoquant l\u2019apparition de signes de vieillissement. Cette ligne Anti-\u00e2ge lutte contre le vieillissement cutan\u00e9, am\u00e9liore l\u2019\u00e9lasticit\u00e9 et la fermet\u00e9 de la peau, r\u00e9v\u00e9lant ainsi tout son \u00e9clat.\t\t\t\t\t\t<\/p>\n\t\t\t\t\t<\/a> -->\n\n                <\/div>\n\n        \n                <div class=\"swiper-slide\">\n\t\t\t\t\t<a href=\"https:\/\/www.mettler1929.ch\/fr\/produits\/detox-fr\/\">\n\t\t\t\t\t\t<div class=\"image-container detox-color\">\n\t\t\t\t\t\t\t<img width=\"786\" height=\"600\" src=\"https:\/\/www.mettler1929.ch\/wp-content\/uploads\/2019\/11\/mettler1929_detox-786x600.png\" class=\"attachment-medium size-medium\" alt=\"\" loading=\"lazy\" srcset=\"https:\/\/www.mettler1929.ch\/wp-content\/uploads\/2019\/11\/mettler1929_detox-786x600.png 786w, https:\/\/www.mettler1929.ch\/wp-content\/uploads\/2019\/11\/mettler1929_detox-600x458.png 600w, https:\/\/www.mettler1929.ch\/wp-content\/uploads\/2019\/11\/mettler1929_detox-629x480.png 629w, https:\/\/www.mettler1929.ch\/wp-content\/uploads\/2019\/11\/mettler1929_detox-768x586.png 768w, https:\/\/www.mettler1929.ch\/wp-content\/uploads\/2019\/11\/mettler1929_detox.png 840w\" sizes=\"(max-width: 786px) 100vw, 786px\" \/>\n\t\t\t\t\t\t<\/div>\n\n\t\t\t\t\t\t<h2 class=\"title title--slider\">\n\t\t\t\t\t\t\tDetox\t\t\t\t\t\t<\/h2>\n\t\t\t\t\t\t<p>\n\t\t\t\t\t\t\tLa ligne Detox est recommand\u00e9e pour les peaux mixtes et grasses, dont les glandes s\u00e9bac\u00e9es produisent trop de s\u00e9bum provoquant des pores obstru\u00e9s, points noirs et boutons. La peau mixte et grasse est un probl\u00e8me qui affecte les adolescents, mais pas uniquement. La ligne Detox prot\u00e8ge aussi la peau des facteurs environnementaux, affine les pores, r\u00e9gule la production de s\u00e9bum et apaise la peau.\t\t\t\t\t\t<\/p>\n\t\t\t\t\t<\/a>\n                    <!-- <a href=\"https:\/\/www.mettler1929.ch\/fr\/produits\/detox-fr\/\">\n\n                        <img width=\"786\" height=\"600\" src=\"https:\/\/www.mettler1929.ch\/wp-content\/uploads\/2019\/11\/mettler1929_detox-786x600.png\" class=\"attachment-medium size-medium\" alt=\"\" loading=\"lazy\" srcset=\"https:\/\/www.mettler1929.ch\/wp-content\/uploads\/2019\/11\/mettler1929_detox-786x600.png 786w, https:\/\/www.mettler1929.ch\/wp-content\/uploads\/2019\/11\/mettler1929_detox-600x458.png 600w, https:\/\/www.mettler1929.ch\/wp-content\/uploads\/2019\/11\/mettler1929_detox-629x480.png 629w, https:\/\/www.mettler1929.ch\/wp-content\/uploads\/2019\/11\/mettler1929_detox-768x586.png 768w, https:\/\/www.mettler1929.ch\/wp-content\/uploads\/2019\/11\/mettler1929_detox.png 840w\" sizes=\"(max-width: 786px) 100vw, 786px\" \/>\n                        <h2 class=\"title title--slider\">\n                            Detox                        <\/h2>\n\n\t\t\t\t\t\t<p>\n\t\t\t\t\t\t\tLa ligne Detox est recommand\u00e9e pour les peaux mixtes et grasses, dont les glandes s\u00e9bac\u00e9es produisent trop de s\u00e9bum provoquant des pores obstru\u00e9s, points noirs et boutons. La peau mixte et grasse est un probl\u00e8me qui affecte les adolescents, mais pas uniquement. La ligne Detox prot\u00e8ge aussi la peau des facteurs environnementaux, affine les pores, r\u00e9gule la production de s\u00e9bum et apaise la peau.\t\t\t\t\t\t<\/p>\n\t\t\t\t\t<\/a> -->\n\n                <\/div>\n\n        \n                <div class=\"swiper-slide\">\n\t\t\t\t\t<a href=\"https:\/\/www.mettler1929.ch\/fr\/produits\/eclaircissante\/\">\n\t\t\t\t\t\t<div class=\"image-container lightening-color\">\n\t\t\t\t\t\t\t<img width=\"786\" height=\"600\" src=\"https:\/\/www.mettler1929.ch\/wp-content\/uploads\/2019\/11\/mettler1929_lightening-786x600.png\" class=\"attachment-medium size-medium\" alt=\"\" loading=\"lazy\" srcset=\"https:\/\/www.mettler1929.ch\/wp-content\/uploads\/2019\/11\/mettler1929_lightening-786x600.png 786w, https:\/\/www.mettler1929.ch\/wp-content\/uploads\/2019\/11\/mettler1929_lightening-600x458.png 600w, https:\/\/www.mettler1929.ch\/wp-content\/uploads\/2019\/11\/mettler1929_lightening-629x480.png 629w, https:\/\/www.mettler1929.ch\/wp-content\/uploads\/2019\/11\/mettler1929_lightening-768x586.png 768w, https:\/\/www.mettler1929.ch\/wp-content\/uploads\/2019\/11\/mettler1929_lightening.png 840w\" sizes=\"(max-width: 786px) 100vw, 786px\" \/>\n\t\t\t\t\t\t<\/div>\n\n\t\t\t\t\t\t<h2 class=\"title title--slider\">\n\t\t\t\t\t\t\tEclaircissante\t\t\t\t\t\t<\/h2>\n\t\t\t\t\t\t<p>\n\t\t\t\t\t\t\tLa ligne Eclaircissante aide \u00e0 retrouver un teint \u00e9clatant et uniforme. Elle s&#8217;adresse aux peaux fatigu\u00e9es, ternes, sujettes aux rides et aux probl\u00e8mes de pigmentation. Cette ligne cible les taches de pigmentation dues \u00e0 l\u2019\u00e2ge ainsi que les petites imperfections caus\u00e9es par la pollution et les radicaux libres. \t\t\t\t\t\t<\/p>\n\t\t\t\t\t<\/a>\n                    <!-- <a href=\"https:\/\/www.mettler1929.ch\/fr\/produits\/eclaircissante\/\">\n\n                        <img width=\"786\" height=\"600\" src=\"https:\/\/www.mettler1929.ch\/wp-content\/uploads\/2019\/11\/mettler1929_lightening-786x600.png\" class=\"attachment-medium size-medium\" alt=\"\" loading=\"lazy\" srcset=\"https:\/\/www.mettler1929.ch\/wp-content\/uploads\/2019\/11\/mettler1929_lightening-786x600.png 786w, https:\/\/www.mettler1929.ch\/wp-content\/uploads\/2019\/11\/mettler1929_lightening-600x458.png 600w, https:\/\/www.mettler1929.ch\/wp-content\/uploads\/2019\/11\/mettler1929_lightening-629x480.png 629w, https:\/\/www.mettler1929.ch\/wp-content\/uploads\/2019\/11\/mettler1929_lightening-768x586.png 768w, https:\/\/www.mettler1929.ch\/wp-content\/uploads\/2019\/11\/mettler1929_lightening.png 840w\" sizes=\"(max-width: 786px) 100vw, 786px\" \/>\n                        <h2 class=\"title title--slider\">\n                            Eclaircissante                        <\/h2>\n\n\t\t\t\t\t\t<p>\n\t\t\t\t\t\t\tLa ligne Eclaircissante aide \u00e0 retrouver un teint \u00e9clatant et uniforme. Elle s'adresse aux peaux fatigu\u00e9es, ternes, sujettes aux rides et aux probl\u00e8mes de pigmentation. Cette ligne cible les taches de pigmentation dues \u00e0 l\u2019\u00e2ge ainsi que les petites imperfections caus\u00e9es par la pollution et les radicaux libres. \t\t\t\t\t\t<\/p>\n\t\t\t\t\t<\/a> -->\n\n                <\/div>\n\n        \n                <div class=\"swiper-slide\">\n\t\t\t\t\t<a href=\"https:\/\/www.mettler1929.ch\/fr\/produits\/ligne-nettoyante\/\">\n\t\t\t\t\t\t<div class=\"image-container cleansing-color\">\n\t\t\t\t\t\t\t<img width=\"786\" height=\"600\" src=\"https:\/\/www.mettler1929.ch\/wp-content\/uploads\/2019\/11\/mettler1929_cleansing-786x600.png\" class=\"attachment-medium size-medium\" alt=\"\" loading=\"lazy\" srcset=\"https:\/\/www.mettler1929.ch\/wp-content\/uploads\/2019\/11\/mettler1929_cleansing-786x600.png 786w, https:\/\/www.mettler1929.ch\/wp-content\/uploads\/2019\/11\/mettler1929_cleansing-600x458.png 600w, https:\/\/www.mettler1929.ch\/wp-content\/uploads\/2019\/11\/mettler1929_cleansing-629x480.png 629w, https:\/\/www.mettler1929.ch\/wp-content\/uploads\/2019\/11\/mettler1929_cleansing-768x586.png 768w, https:\/\/www.mettler1929.ch\/wp-content\/uploads\/2019\/11\/mettler1929_cleansing.png 840w\" sizes=\"(max-width: 786px) 100vw, 786px\" \/>\n\t\t\t\t\t\t<\/div>\n\n\t\t\t\t\t\t<h2 class=\"title title--slider\">\n\t\t\t\t\t\t\tNettoyante\t\t\t\t\t\t<\/h2>\n\t\t\t\t\t\t<p>\n\t\t\t\t\t\t\tLa ligne Nettoyante propose une gamme de produits qui nettoie, rafra\u00eechit et tonifie la peau en douceur, tout en lui offrant un extr\u00eame confort. Adopter une \u00ab routine nettoyage \u00bb est important car cela permet d\u2019\u00e9liminer les r\u00e9sidus de maquillage, les impuret\u00e9s et les cellules mortes de la peau. De plus, ce nettoyage sert de base avant l\u2019application de tout autre produit de soin, afin que ce dernier puisse p\u00e9n\u00e9trer la peau de mani\u00e8re optimale.\t\t\t\t\t\t<\/p>\n\t\t\t\t\t<\/a>\n                    <!-- <a href=\"https:\/\/www.mettler1929.ch\/fr\/produits\/ligne-nettoyante\/\">\n\n                        <img width=\"786\" height=\"600\" src=\"https:\/\/www.mettler1929.ch\/wp-content\/uploads\/2019\/11\/mettler1929_cleansing-786x600.png\" class=\"attachment-medium size-medium\" alt=\"\" loading=\"lazy\" srcset=\"https:\/\/www.mettler1929.ch\/wp-content\/uploads\/2019\/11\/mettler1929_cleansing-786x600.png 786w, https:\/\/www.mettler1929.ch\/wp-content\/uploads\/2019\/11\/mettler1929_cleansing-600x458.png 600w, https:\/\/www.mettler1929.ch\/wp-content\/uploads\/2019\/11\/mettler1929_cleansing-629x480.png 629w, https:\/\/www.mettler1929.ch\/wp-content\/uploads\/2019\/11\/mettler1929_cleansing-768x586.png 768w, https:\/\/www.mettler1929.ch\/wp-content\/uploads\/2019\/11\/mettler1929_cleansing.png 840w\" sizes=\"(max-width: 786px) 100vw, 786px\" \/>\n                        <h2 class=\"title title--slider\">\n                            Nettoyante                        <\/h2>\n\n\t\t\t\t\t\t<p>\n\t\t\t\t\t\t\tLa ligne Nettoyante propose une gamme de produits qui nettoie, rafra\u00eechit et tonifie la peau en douceur, tout en lui offrant un extr\u00eame confort. Adopter une \u00ab routine nettoyage \u00bb est important car cela permet d\u2019\u00e9liminer les r\u00e9sidus de maquillage, les impuret\u00e9s et les cellules mortes de la peau. De plus, ce nettoyage sert de base avant l\u2019application de tout autre produit de soin, afin que ce dernier puisse p\u00e9n\u00e9trer la peau de mani\u00e8re optimale.\t\t\t\t\t\t<\/p>\n\t\t\t\t\t<\/a> -->\n\n                <\/div>\n\n        \n                <div class=\"swiper-slide\">\n\t\t\t\t\t<a href=\"https:\/\/www.mettler1929.ch\/fr\/produits\/extraits-naturels-de-fruits\/\">\n\t\t\t\t\t\t<div class=\"image-container fruit-color\">\n\t\t\t\t\t\t\t<img width=\"786\" height=\"600\" src=\"https:\/\/www.mettler1929.ch\/wp-content\/uploads\/2019\/11\/mettler1929_naturalfruit-786x600.png\" class=\"attachment-medium size-medium\" alt=\"\" loading=\"lazy\" srcset=\"https:\/\/www.mettler1929.ch\/wp-content\/uploads\/2019\/11\/mettler1929_naturalfruit-786x600.png 786w, https:\/\/www.mettler1929.ch\/wp-content\/uploads\/2019\/11\/mettler1929_naturalfruit-600x458.png 600w, https:\/\/www.mettler1929.ch\/wp-content\/uploads\/2019\/11\/mettler1929_naturalfruit-629x480.png 629w, https:\/\/www.mettler1929.ch\/wp-content\/uploads\/2019\/11\/mettler1929_naturalfruit-768x586.png 768w, https:\/\/www.mettler1929.ch\/wp-content\/uploads\/2019\/11\/mettler1929_naturalfruit.png 840w\" sizes=\"(max-width: 786px) 100vw, 786px\" \/>\n\t\t\t\t\t\t<\/div>\n\n\t\t\t\t\t\t<h2 class=\"title title--slider\">\n\t\t\t\t\t\t\tExtraits Naturels de Fruits\t\t\t\t\t\t<\/h2>\n\t\t\t\t\t\t<p>\n\t\t\t\t\t\t\tLa ligne aux Extraits Naturels de Fruits a \u00e9t\u00e9 d\u00e9velopp\u00e9e pour r\u00e9pondre aux besoins de toute la famille. Elle propose des produits de soins du corps et des cheveux \u00e0 base de 4 fruits r\u00e9put\u00e9s pour leurs nutriments : le Cassis revitalise, l&#8217;Abricot dynamise, la Pomme Verte tonifie et la Prune stimule la peau.\t\t\t\t\t\t<\/p>\n\t\t\t\t\t<\/a>\n                    <!-- <a href=\"https:\/\/www.mettler1929.ch\/fr\/produits\/extraits-naturels-de-fruits\/\">\n\n                        <img width=\"786\" height=\"600\" src=\"https:\/\/www.mettler1929.ch\/wp-content\/uploads\/2019\/11\/mettler1929_naturalfruit-786x600.png\" class=\"attachment-medium size-medium\" alt=\"\" loading=\"lazy\" srcset=\"https:\/\/www.mettler1929.ch\/wp-content\/uploads\/2019\/11\/mettler1929_naturalfruit-786x600.png 786w, https:\/\/www.mettler1929.ch\/wp-content\/uploads\/2019\/11\/mettler1929_naturalfruit-600x458.png 600w, https:\/\/www.mettler1929.ch\/wp-content\/uploads\/2019\/11\/mettler1929_naturalfruit-629x480.png 629w, https:\/\/www.mettler1929.ch\/wp-content\/uploads\/2019\/11\/mettler1929_naturalfruit-768x586.png 768w, https:\/\/www.mettler1929.ch\/wp-content\/uploads\/2019\/11\/mettler1929_naturalfruit.png 840w\" sizes=\"(max-width: 786px) 100vw, 786px\" \/>\n                        <h2 class=\"title title--slider\">\n                            Extraits Naturels de Fruits                        <\/h2>\n\n\t\t\t\t\t\t<p>\n\t\t\t\t\t\t\tLa ligne aux Extraits Naturels de Fruits a \u00e9t\u00e9 d\u00e9velopp\u00e9e pour r\u00e9pondre aux besoins de toute la famille. Elle propose des produits de soins du corps et des cheveux \u00e0 base de 4 fruits r\u00e9put\u00e9s pour leurs nutriments : le Cassis revitalise, l'Abricot dynamise, la Pomme Verte tonifie et la Prune stimule la peau.\t\t\t\t\t\t<\/p>\n\t\t\t\t\t<\/a> -->\n\n                <\/div>\n\n        \n                <div class=\"swiper-slide\">\n\t\t\t\t\t<a href=\"https:\/\/www.mettler1929.ch\/fr\/produits\/coffrets\/\">\n\t\t\t\t\t\t<div class=\"image-container sensitive-color\">\n\t\t\t\t\t\t\t<img width=\"600\" height=\"600\" src=\"https:\/\/www.mettler1929.ch\/wp-content\/uploads\/2019\/06\/MSET50001_1-2-600x600.png\" class=\"attachment-medium size-medium\" alt=\"\" loading=\"lazy\" srcset=\"https:\/\/www.mettler1929.ch\/wp-content\/uploads\/2019\/06\/MSET50001_1-2-600x600.png 600w, https:\/\/www.mettler1929.ch\/wp-content\/uploads\/2019\/06\/MSET50001_1-2-1024x1024.png 1024w, https:\/\/www.mettler1929.ch\/wp-content\/uploads\/2019\/06\/MSET50001_1-2-480x480.png 480w, https:\/\/www.mettler1929.ch\/wp-content\/uploads\/2019\/06\/MSET50001_1-2-768x768.png 768w, https:\/\/www.mettler1929.ch\/wp-content\/uploads\/2019\/06\/MSET50001_1-2-300x300.png 300w, https:\/\/www.mettler1929.ch\/wp-content\/uploads\/2019\/06\/MSET50001_1-2-100x100.png 100w, https:\/\/www.mettler1929.ch\/wp-content\/uploads\/2019\/06\/MSET50001_1-2.png 1280w\" sizes=\"(max-width: 600px) 100vw, 600px\" \/>\n\t\t\t\t\t\t<\/div>\n\n\t\t\t\t\t\t<h2 class=\"title title--slider\">\n\t\t\t\t\t\t\tCoffrets\t\t\t\t\t\t<\/h2>\n\t\t\t\t\t\t<p>\n\t\t\t\t\t\t\tNotre s\u00e9lection de coffrets regroupe des soins tr\u00e8s appr\u00e9ci\u00e9s. En qu\u00eate d\u2019inspiration pour une occasion sp\u00e9ciale, faites d\u00e9couvrir les produits Mettler1929 \u00e0 vos proches et ceux qui vous sont chers. Nos coffrets sauront les s\u00e9duire par leur originalit\u00e9 et authenticit\u00e9.\r\n\t\t\t\t\t\t<\/p>\n\t\t\t\t\t<\/a>\n                    <!-- <a href=\"https:\/\/www.mettler1929.ch\/fr\/produits\/coffrets\/\">\n\n                        <img width=\"600\" height=\"600\" src=\"https:\/\/www.mettler1929.ch\/wp-content\/uploads\/2019\/06\/MSET50001_1-2-600x600.png\" class=\"attachment-medium size-medium\" alt=\"\" loading=\"lazy\" srcset=\"https:\/\/www.mettler1929.ch\/wp-content\/uploads\/2019\/06\/MSET50001_1-2-600x600.png 600w, https:\/\/www.mettler1929.ch\/wp-content\/uploads\/2019\/06\/MSET50001_1-2-1024x1024.png 1024w, https:\/\/www.mettler1929.ch\/wp-content\/uploads\/2019\/06\/MSET50001_1-2-480x480.png 480w, https:\/\/www.mettler1929.ch\/wp-content\/uploads\/2019\/06\/MSET50001_1-2-768x768.png 768w, https:\/\/www.mettler1929.ch\/wp-content\/uploads\/2019\/06\/MSET50001_1-2-300x300.png 300w, https:\/\/www.mettler1929.ch\/wp-content\/uploads\/2019\/06\/MSET50001_1-2-100x100.png 100w, https:\/\/www.mettler1929.ch\/wp-content\/uploads\/2019\/06\/MSET50001_1-2.png 1280w\" sizes=\"(max-width: 600px) 100vw, 600px\" \/>\n                        <h2 class=\"title title--slider\">\n                            Coffrets                        <\/h2>\n\n\t\t\t\t\t\t<p>\n\t\t\t\t\t\t\tNotre s\u00e9lection de coffrets regroupe des soins tr\u00e8s appr\u00e9ci\u00e9s. En qu\u00eate d\u2019inspiration pour une occasion sp\u00e9ciale, faites d\u00e9couvrir les produits Mettler1929 \u00e0 vos proches et ceux qui vous sont chers. Nos coffrets sauront les s\u00e9duire par leur originalit\u00e9 et authenticit\u00e9.\r\n\t\t\t\t\t\t<\/p>\n\t\t\t\t\t<\/a> -->\n\n                <\/div>\n\n        \n            <\/div>\n\n\t\t\t <!-- Add Scrollbar -->\n            <div class=\"swiper-scrollbar\"><\/div>\n\n        <\/div>\n\n\t\t<button class=\"gallery-button prev--outside\">\n\t\t\t<svg class=\"icon\">\n\t\t\t\t<use xlink:href=\"#arrow-left\" \/>\n\t\t\t<\/svg>\n\t\t<\/button>\n\n\t\t<button class=\"gallery-button next--outside\">\n\t\t\t<svg class=\"icon\">\n\t\t\t\t<use xlink:href=\"#arrow-right\" \/>\n\t\t\t<\/svg>\n\t\t<\/button>\n\n    \t    <\/div>\n<\/section>\n<div class=\"site-width\"> <!-- re-open parent container -->\n","protected":false},"excerpt":{"rendered":"<p>Mettler1929 \u2013 LUXURY MADE BY NATURE pour les femmes et leurs familles \u00e0 travers le monde.<\/p>\n","protected":false},"author":244,"featured_media":0,"parent":0,"menu_order":0,"comment_status":"closed","ping_status":"closed","template":"templates\/template-page-cover.php","meta":[],"acf":[],"_links":{"self":[{"href":"https:\/\/www.mettler1929.ch\/fr\/wp-json\/wp\/v2\/pages\/13938"}],"collection":[{"href":"https:\/\/www.mettler1929.ch\/fr\/wp-json\/wp\/v2\/pages"}],"about":[{"href":"https:\/\/www.mettler1929.ch\/fr\/wp-json\/wp\/v2\/types\/page"}],"author":[{"embeddable":true,"href":"https:\/\/www.mettler1929.ch\/fr\/wp-json\/wp\/v2\/users\/244"}],"replies":[{"embeddable":true,"href":"https:\/\/www.mettler1929.ch\/fr\/wp-json\/wp\/v2\/comments?post=13938"}],"version-history":[{"count":5,"href":"https:\/\/www.mettler1929.ch\/fr\/wp-json\/wp\/v2\/pages\/13938\/revisions"}],"predecessor-version":[{"id":18448,"href":"https:\/\/www.mettler1929.ch\/fr\/wp-json\/wp\/v2\/pages\/13938\/revisions\/18448"}],"wp:attachment":[{"href":"https:\/\/www.mettler1929.ch\/fr\/wp-json\/wp\/v2\/media?parent=13938"}],"curies":[{"name":"wp","href":"https:\/\/api.w.org\/{rel}","templated":true}]}}